{"id":3287,"date":"2023-04-19T14:42:30","date_gmt":"2023-04-19T14:42:30","guid":{"rendered":"https:\/\/neu.begaplast.it\/privacy\/"},"modified":"2023-08-08T08:43:11","modified_gmt":"2023-08-08T08:43:11","slug":"privacy","status":"publish","type":"page","link":"https:\/\/www.begaplast.it\/it\/privacy\/","title":{"rendered":"Privacy"},"content":{"rendered":"\t\t<div data-elementor-type=\"wp-page\" data-elementor-id=\"3287\" class=\"elementor elementor-3287 elementor-2175\" data-elementor-post-type=\"page\">\n\t\t\t\t\t\t<section class=\"elementor-section elementor-top-section elementor-element elementor-element-2973a77 elementor-section-full_width elementor-section-height-default elementor-section-height-default\" data-id=\"2973a77\" data-element_type=\"section\" data-e-type=\"section\">\n\t\t\t\t\t\t<div class=\"elementor-container elementor-column-gap-default\">\n\t\t\t\t\t<div class=\"elementor-column elementor-col-100 elementor-top-column elementor-element elementor-element-34ee0f0\" data-id=\"34ee0f0\" data-element_type=\"column\" data-e-type=\"column\">\n\t\t\t<div class=\"elementor-widget-wrap elementor-element-populated\">\n\t\t\t\t\t\t<div class=\"elementor-element elementor-element-76c3967 header_slider elementor--h-position-center elementor--v-position-middle elementor-arrows-position-inside elementor-pagination-position-inside elementor-widget elementor-widget-slides\" data-id=\"76c3967\" data-element_type=\"widget\" data-e-type=\"widget\" data-settings=\"{&quot;autoplay_speed&quot;:2500,&quot;navigation&quot;:&quot;both&quot;,&quot;autoplay&quot;:&quot;yes&quot;,&quot;pause_on_interaction&quot;:&quot;yes&quot;,&quot;infinite&quot;:&quot;yes&quot;,&quot;transition&quot;:&quot;slide&quot;,&quot;transition_speed&quot;:500}\" data-widget_type=\"slides.default\">\n\t\t\t\t<div class=\"elementor-widget-container\">\n\t\t\t\t\t\t\t\t\t<div class=\"elementor-swiper\">\n\t\t\t\t\t<div class=\"elementor-slides-wrapper elementor-main-swiper swiper\" role=\"region\" aria-roledescription=\"carousel\" aria-label=\"Slides\" dir=\"ltr\" data-animation=\"\">\n\t\t\t\t<div class=\"swiper-wrapper elementor-slides\">\n\t\t\t\t\t\t\t\t\t\t<div class=\"elementor-repeater-item-439958f swiper-slide\" role=\"group\" aria-roledescription=\"slide\"><div class=\"swiper-slide-bg\" role=\"img\"><\/div><div class=\"swiper-slide-inner\" ><div class=\"swiper-slide-contents\"><\/div><\/div><\/div>\t\t\t\t<\/div>\n\t\t\t\t\t\t\t<\/div>\n\t\t\t\t<\/div>\n\t\t\t\t\t\t\t\t<\/div>\n\t\t\t\t<\/div>\n\t\t\t\t\t<\/div>\n\t\t<\/div>\n\t\t\t\t\t<\/div>\n\t\t<\/section>\n\t\t\t\t<section class=\"elementor-section elementor-top-section elementor-element elementor-element-e2150a5 elementor-section-full_width hero-section elementor-section-height-default elementor-section-height-default\" data-id=\"e2150a5\" data-element_type=\"section\" data-e-type=\"section\">\n\t\t\t\t\t\t<div class=\"elementor-container elementor-column-gap-default\">\n\t\t\t\t\t<div class=\"elementor-column elementor-col-100 elementor-top-column elementor-element elementor-element-8d346c0\" data-id=\"8d346c0\" data-element_type=\"column\" data-e-type=\"column\">\n\t\t\t<div class=\"elementor-widget-wrap elementor-element-populated\">\n\t\t\t\t\t\t<div class=\"elementor-element elementor-element-5b8ec17 elementor-widget-laptop__width-initial elementor-widget elementor-widget-heading\" data-id=\"5b8ec17\" data-element_type=\"widget\" data-e-type=\"widget\" data-widget_type=\"heading.default\">\n\t\t\t\t<div class=\"elementor-widget-container\">\n\t\t\t\t\t<h1 class=\"elementor-heading-title elementor-size-default\">INFORMATIVA SUL TRATTAMENTO DEI DATI PERSONALI<\/h1>\t\t\t\t<\/div>\n\t\t\t\t<\/div>\n\t\t\t\t<div class=\"elementor-element elementor-element-48a2c43 elementor-widget elementor-widget-heading\" data-id=\"48a2c43\" data-element_type=\"widget\" data-e-type=\"widget\" data-widget_type=\"heading.default\">\n\t\t\t\t<div class=\"elementor-widget-container\">\n\t\t\t\t\t<h2 class=\"elementor-heading-title elementor-size-default\">Informativa ai sensi degli artt. 12, 13 e 14 del Regolamento UE 679\/2016<\/h2>\t\t\t\t<\/div>\n\t\t\t\t<\/div>\n\t\t\t\t<div class=\"elementor-element elementor-element-c6ac87c elementor-widget elementor-widget-heading\" data-id=\"c6ac87c\" data-element_type=\"widget\" data-e-type=\"widget\" data-widget_type=\"heading.default\">\n\t\t\t\t<div class=\"elementor-widget-container\">\n\t\t\t\t\t<h2 class=\"elementor-heading-title elementor-size-default\">Titolare del trattamento <\/h2>\t\t\t\t<\/div>\n\t\t\t\t<\/div>\n\t\t\t\t<div class=\"elementor-element elementor-element-0e81ba6 privacy_txt elementor-widget elementor-widget-text-editor\" data-id=\"0e81ba6\" data-element_type=\"widget\" data-e-type=\"widget\" data-widget_type=\"text-editor.default\">\n\t\t\t\t<div class=\"elementor-widget-container\">\n\t\t\t\t\t\t\t\t\t<p>Bega Plast Srl<br \/>via Forch, 23<br \/>39040 Varna BZ<br \/>Alto Adige | Italia<br \/><a href=\"tel:+39472835699\">+39 472 835699<\/a><br \/><a href=\"mailto:info@begaplast.it\">info@begaplast.it<\/a><\/p>\n\t\t\t\t\t\t\t\t<\/div>\n\t\t\t\t<\/div>\n\t\t\t\t<div class=\"elementor-element elementor-element-3a5d63d elementor-widget elementor-widget-heading\" data-id=\"3a5d63d\" data-element_type=\"widget\" data-e-type=\"widget\" data-widget_type=\"heading.default\">\n\t\t\t\t<div class=\"elementor-widget-container\">\n\t\t\t\t\t<h2 class=\"elementor-heading-title elementor-size-default\">Dati di contatto del responsabile della protezione dei dati <\/h2>\t\t\t\t<\/div>\n\t\t\t\t<\/div>\n\t\t\t\t<div class=\"elementor-element elementor-element-7826071 privacy_txt elementor-widget elementor-widget-text-editor\" data-id=\"7826071\" data-element_type=\"widget\" data-e-type=\"widget\" data-widget_type=\"text-editor.default\">\n\t\t\t\t<div class=\"elementor-widget-container\">\n\t\t\t\t\t\t\t\t\t<p>Bega Plast Srl<br \/>via Forch, 23<br \/>39040 Varna BZ<br \/>Alto Adige | Italia<br \/><a href=\"tel:+39472835699\">+39 472 835699<\/a><br \/><a href=\"mailto:info@begaplast.it\">info@begaplast.it<\/a><\/p>\n\t\t\t\t\t\t\t\t<\/div>\n\t\t\t\t<\/div>\n\t\t\t\t<div class=\"elementor-element elementor-element-f7a0770 elementor-widget elementor-widget-heading\" data-id=\"f7a0770\" data-element_type=\"widget\" data-e-type=\"widget\" data-widget_type=\"heading.default\">\n\t\t\t\t<div class=\"elementor-widget-container\">\n\t\t\t\t\t<h2 class=\"elementor-heading-title elementor-size-default\">Informazioni sulla privacy \u2013 Sito web <\/h2>\t\t\t\t<\/div>\n\t\t\t\t<\/div>\n\t\t\t\t<div class=\"elementor-element elementor-element-7e4602d privacy_txt elementor-widget elementor-widget-text-editor\" data-id=\"7e4602d\" data-element_type=\"widget\" data-e-type=\"widget\" data-widget_type=\"text-editor.default\">\n\t\t\t\t<div class=\"elementor-widget-container\">\n\t\t\t\t\t\t\t\t\t<p>Liebe\/r Webseitenbesucher\/in, wir freuen uns, Sie dar\u00fcber zu informieren, wie Ihre pers\u00f6nlichen Daten beim Besuch unserer Webseite verarbeitet werden. Diesem Informationsschreiben k\u00f6nnen Sie auch entnehmen, welche Rechte Sie als betroffene Person aus\u00fcben k\u00f6nnen. Ihre personenbezogenen Daten werden gem\u00e4\u00df der EU-Verordnung 2016\/679 (Datenschutzgrundverordnung) und der nationalen Gesetzgebung im Bereich Datenschutz verarbeitet. Die Nutzung der Webseite setzt voraus, dass Sie mit diesem Datenschutz-Informationsschreiben einverstanden sind, ansonsten bitten wir Sie, die Webseite nicht weiter zu benutzen. Zudem wollen wir Sie dar\u00fcber informieren, dass Links auf unserer Webseite, die zu anderen Webseiten f\u00fchren, von uns sorgf\u00e4ltig ausgew\u00e4hlt und \u00fcberpr\u00fcft wurden. Da diese Webseiten ohne unser Wissen aktualisiert werden k\u00f6nnen und deren Inhalte sich laufend \u00e4ndern k\u00f6nnen, \u00fcbernehmen wir hierf\u00fcr keinerlei Haftung und Verantwortung.<\/p>\n\t\t\t\t\t\t\t\t<\/div>\n\t\t\t\t<\/div>\n\t\t\t\t<div class=\"elementor-element elementor-element-33226cd elementor-widget elementor-widget-heading\" data-id=\"33226cd\" data-element_type=\"widget\" data-e-type=\"widget\" data-widget_type=\"heading.default\">\n\t\t\t\t<div class=\"elementor-widget-container\">\n\t\t\t\t\t<h2 class=\"elementor-heading-title elementor-size-default\">Finalit\u00e0 del trattamento dei dati personali\n<\/h2>\t\t\t\t<\/div>\n\t\t\t\t<\/div>\n\t\t\t\t<div class=\"elementor-element elementor-element-d4af6a8 privacy_txt elementor-widget elementor-widget-text-editor\" data-id=\"d4af6a8\" data-element_type=\"widget\" data-e-type=\"widget\" data-widget_type=\"text-editor.default\">\n\t\t\t\t<div class=\"elementor-widget-container\">\n\t\t\t\t\t\t\t\t\t<p>Um die Funktionalit\u00e4t der Webseite zu gew\u00e4hrleisten sowie f\u00fcr statistische Zwecke werden technische Daten mit potenziellem Personenbezug, wie z.B. die IP-Adresse, die Uhrzeit von Anfragen, den Namen der Dom\u00e4ne und \u00e4hnliche Daten verarbeitet. Au\u00dferdem hat der Webseitenbetreiber ein berechtigtes Interesse (Art. 6f DSGVO) Ihnen eine optisch ansprechende Webseite und eine angenehme Benutzererfahrung zu bieten. Bei gegebener Einwilligung (Art. 6a DSGVO) k\u00f6nnen zudem Nutzerverhalten analysiert und Marketingzwecke verfolgt werden. Hauptzweck der Datenverarbeitung ist die Bereitstellung unserer Webseite und dessen Inhalte sowie die Erf\u00fcllung Ihrer Anfragen. Des Weiteren werden personenbezogene Daten verarbeitet, um Ihnen verschiedene Dienstleistungen anzubieten:<\/p>\n\t\t\t\t\t\t\t\t<\/div>\n\t\t\t\t<\/div>\n\t\t\t\t<div class=\"elementor-element elementor-element-c14677c elementor-widget elementor-widget-heading\" data-id=\"c14677c\" data-element_type=\"widget\" data-e-type=\"widget\" data-widget_type=\"heading.default\">\n\t\t\t\t<div class=\"elementor-widget-container\">\n\t\t\t\t\t<h2 class=\"elementor-heading-title elementor-size-default\">Trasmissione di categorie particolari di dati personali <\/h2>\t\t\t\t<\/div>\n\t\t\t\t<\/div>\n\t\t\t\t<div class=\"elementor-element elementor-element-e79114c privacy_txt elementor-widget elementor-widget-text-editor\" data-id=\"e79114c\" data-element_type=\"widget\" data-e-type=\"widget\" data-widget_type=\"text-editor.default\">\n\t\t\t\t<div class=\"elementor-widget-container\">\n\t\t\t\t\t\t\t\t\t<p>Wir bitten Sie darum, dass keine sensiblen Daten (personenbezogene Daten besonderer Kategorien \u2013 Art. 9 sowie Art. 10 DSGVO) \u00fcber die Webseite \u00fcbermittelt werden z.B. mittels Kontaktformular.<\/p>\n\t\t\t\t\t\t\t\t<\/div>\n\t\t\t\t<\/div>\n\t\t\t\t<div class=\"elementor-element elementor-element-b486075 elementor-widget elementor-widget-heading\" data-id=\"b486075\" data-element_type=\"widget\" data-e-type=\"widget\" data-widget_type=\"heading.default\">\n\t\t\t\t<div class=\"elementor-widget-container\">\n\t\t\t\t\t<h2 class=\"elementor-heading-title elementor-size-default\">Base giuridica del trattamento dei dati: <\/h2>\t\t\t\t<\/div>\n\t\t\t\t<\/div>\n\t\t\t\t<div class=\"elementor-element elementor-element-746d8c0 privacy_txt elementor-widget elementor-widget-text-editor\" data-id=\"746d8c0\" data-element_type=\"widget\" data-e-type=\"widget\" data-widget_type=\"text-editor.default\">\n\t\t\t\t<div class=\"elementor-widget-container\">\n\t\t\t\t\t\t\t\t\t<p>Die Hauptrechtsgrundlagen der Verarbeitung sind Art. 6b) DSGVO (Erf\u00fcllung vor-\/vertraglicher Ma\u00dfnahmen) sowie Art. 6f) DSGVO (Funktionalit\u00e4t der Webseite) sowie die eingeholte Einwilligung, falls von Ihnen gegeben (Art. 6a DSGVO).<\/p>\n\t\t\t\t\t\t\t\t<\/div>\n\t\t\t\t<\/div>\n\t\t\t\t<div class=\"elementor-element elementor-element-2dd3179 elementor-widget elementor-widget-heading\" data-id=\"2dd3179\" data-element_type=\"widget\" data-e-type=\"widget\" data-widget_type=\"heading.default\">\n\t\t\t\t<div class=\"elementor-widget-container\">\n\t\t\t\t\t<h2 class=\"elementor-heading-title elementor-size-default\">Cookies <\/h2>\t\t\t\t<\/div>\n\t\t\t\t<\/div>\n\t\t\t\t<div class=\"elementor-element elementor-element-19bd90f privacy_txt elementor-widget elementor-widget-text-editor\" data-id=\"19bd90f\" data-element_type=\"widget\" data-e-type=\"widget\" data-widget_type=\"text-editor.default\">\n\t\t\t\t<div class=\"elementor-widget-container\">\n\t\t\t\t\t\t\t\t\t<p>Unsere Webseite nutzt Cookies, wobei personenbezogene Daten verarbeitet werden k\u00f6nnen.<\/p>\n<p>Man unterscheidet vier Kategorien von Cookies:<\/p>\n\t\t\t\t\t\t\t\t<\/div>\n\t\t\t\t<\/div>\n\t\t\t\t<div class=\"elementor-element elementor-element-b7fa253 privacy_txt elementor-widget elementor-widget-text-editor\" data-id=\"b7fa253\" data-element_type=\"widget\" data-e-type=\"widget\" data-widget_type=\"text-editor.default\">\n\t\t\t\t<div class=\"elementor-widget-container\">\n\t\t\t\t\t\t\t\t\t<ul>\n<li>Unbedingt notwendige Cookies \u2013 f\u00fcr die grundlegende Funktionalit\u00e4t der Webseite<\/li>\n<li>Funktionale Cookies \u2013 f\u00fcr die Sicherstellung der optimalen Leistung der Webseite, darunter f\u00e4llt z.B. die Speicherung der Sprachauswahl<\/li>\n<li>Performance Cookies \u2013 f\u00fcr die Verbesserung des Benutzererlebnisses sowie zur Verarbeitung von Informationen zur Nutzung der Webseite, z.B. Messung von Ladezeiten<\/li>\n<li>Marketing Cookies \u2013 f\u00fcr die Erfassung des Verhaltens und der Interessen des Nutzers zu Marketingzwecken z.B. f\u00fcr die Schaltung abgestimmter Werbeanzeigen<br \/>Nicht essenzielle Cookies sind auf unseren Webseiten standardm\u00e4\u00dfig deaktiviert und werden erst aktiviert, wenn Sie uns hierzu Ihre Einwilligung gegeben haben.<\/li>\n<\/ul>\n\t\t\t\t\t\t\t\t<\/div>\n\t\t\t\t<\/div>\n\t\t\t\t<div class=\"elementor-element elementor-element-86600d2 privacy_txt elementor-widget elementor-widget-text-editor\" data-id=\"86600d2\" data-element_type=\"widget\" data-e-type=\"widget\" data-widget_type=\"text-editor.default\">\n\t\t\t\t<div class=\"elementor-widget-container\">\n\t\t\t\t\t\t\t\t\t<p>Der Gro\u00dfteil der verwendeten Cookies sind \u201eSession Cookies\u201c, welche nach dem Schlie\u00dfen des Browsers wieder gel\u00f6scht werden. Andere Cookies werden l\u00e4nger gespeichert, z.B. um beim n\u00e4chsten Webseitenbesuch die richtige Sprache anzuzeigen.<br \/>F\u00fcr alle Cookies, die keinem berechtigten Interesse des Webseitenbetreibers unterliegen (Art. 6f) DSGVO), werden Sie explizit um Ihre Einwilligung gefragt.<\/p>\n<p>Sie k\u00f6nnen Ihre Cookies jederzeit l\u00f6schen, indem Sie, abh\u00e4ngig von Ihrem Browser, meist oben rechts auf die 3 Punkte\/Streifen klicken und dort die Einstellungen \u00f6ffnen, Cookies im Suchfeld eingeben und Cookies bzw. Browserdaten l\u00f6schen ausw\u00e4hlen.<\/p>\n\t\t\t\t\t\t\t\t<\/div>\n\t\t\t\t<\/div>\n\t\t\t\t<div class=\"elementor-element elementor-element-162dde6 elementor-widget elementor-widget-heading\" data-id=\"162dde6\" data-element_type=\"widget\" data-e-type=\"widget\" data-widget_type=\"heading.default\">\n\t\t\t\t<div class=\"elementor-widget-container\">\n\t\t\t\t\t<h2 class=\"elementor-heading-title elementor-size-default\">Fornitura dei dati<\/h2>\t\t\t\t<\/div>\n\t\t\t\t<\/div>\n\t\t\t\t<div class=\"elementor-element elementor-element-8685143 privacy_txt elementor-widget elementor-widget-text-editor\" data-id=\"8685143\" data-element_type=\"widget\" data-e-type=\"widget\" data-widget_type=\"text-editor.default\">\n\t\t\t\t<div class=\"elementor-widget-container\">\n\t\t\t\t\t\t\t\t\t<p>Die Bereitstellung Ihrer Daten ist freiwillig (mit Ausnahme der Verarbeitung von Navigationsdaten) und nicht gesetzlich vorgeschrieben. Eine Nichtbereitstellung kann allerdings eingeschr\u00e4nkte Nutzung der Webseite und der angebotenen Dienste zur Folge haben.<\/p>\n\t\t\t\t\t\t\t\t<\/div>\n\t\t\t\t<\/div>\n\t\t\t\t<div class=\"elementor-element elementor-element-2fe6cde elementor-widget elementor-widget-heading\" data-id=\"2fe6cde\" data-element_type=\"widget\" data-e-type=\"widget\" data-widget_type=\"heading.default\">\n\t\t\t\t<div class=\"elementor-widget-container\">\n\t\t\t\t\t<h2 class=\"elementor-heading-title elementor-size-default\">Trasferimento dei dati a terzi<\/h2>\t\t\t\t<\/div>\n\t\t\t\t<\/div>\n\t\t\t\t<div class=\"elementor-element elementor-element-0c42fda privacy_txt elementor-widget elementor-widget-text-editor\" data-id=\"0c42fda\" data-element_type=\"widget\" data-e-type=\"widget\" data-widget_type=\"text-editor.default\">\n\t\t\t\t<div class=\"elementor-widget-container\">\n\t\t\t\t\t\t\t\t\t<p>Ihre Daten k\u00f6nnen bei Bedarf, allerdings nur im Rahmen unserer Gesch\u00e4ftsbeziehung, an Dritte weitergegeben werden, z.B. zur Erf\u00fcllung von Ihrer Anfrage oder, falls zutreffend, die Durchf\u00fchrung von Zahlungen \u00fcber Dritte und zur Erf\u00fcllung gesetzlicher Verpflichtungen. Grunds\u00e4tzlich werden Ihre Daten nicht ohne Ihre explizite Einwilligung an das EU-Ausland \u00fcbermittelt. Dasselbe gilt ebenfalls f\u00fcr den Einsatz von Profiling und automatisierte Entscheidungen.<\/p>\n\t\t\t\t\t\t\t\t<\/div>\n\t\t\t\t<\/div>\n\t\t\t\t<div class=\"elementor-element elementor-element-b44a80a elementor-widget elementor-widget-heading\" data-id=\"b44a80a\" data-element_type=\"widget\" data-e-type=\"widget\" data-widget_type=\"heading.default\">\n\t\t\t\t<div class=\"elementor-widget-container\">\n\t\t\t\t\t<h2 class=\"elementor-heading-title elementor-size-default\">Hosting del sito web<\/h2>\t\t\t\t<\/div>\n\t\t\t\t<\/div>\n\t\t\t\t<div class=\"elementor-element elementor-element-818fb5d privacy_txt elementor-widget elementor-widget-text-editor\" data-id=\"818fb5d\" data-element_type=\"widget\" data-e-type=\"widget\" data-widget_type=\"text-editor.default\">\n\t\t\t\t<div class=\"elementor-widget-container\">\n\t\t\t\t\t\t\t\t\t<p>Diese Webseite wird bei einem externen Dienstleister gehostet. Hierzu erh\u00e4lt der externe Hoster personenbezogene Daten, die auf der Webseite erfasst wurden. Die Rechtsgrundlage ist Art. 6b) DSGVO (Vor-\/vertragliche Ma\u00dfnahmen) sowie Art. 6f) (Reibungslose Gew\u00e4hrleistung der Tools auf unserer Webseite).<\/p>\n\t\t\t\t\t\t\t\t<\/div>\n\t\t\t\t<\/div>\n\t\t\t\t<div class=\"elementor-element elementor-element-7b359cd elementor-widget elementor-widget-heading\" data-id=\"7b359cd\" data-element_type=\"widget\" data-e-type=\"widget\" data-widget_type=\"heading.default\">\n\t\t\t\t<div class=\"elementor-widget-container\">\n\t\t\t\t\t<h2 class=\"elementor-heading-title elementor-size-default\">Crittografia SSL<\/h2>\t\t\t\t<\/div>\n\t\t\t\t<\/div>\n\t\t\t\t<div class=\"elementor-element elementor-element-2c3ac63 privacy_txt elementor-widget elementor-widget-text-editor\" data-id=\"2c3ac63\" data-element_type=\"widget\" data-e-type=\"widget\" data-widget_type=\"text-editor.default\">\n\t\t\t\t<div class=\"elementor-widget-container\">\n\t\t\t\t\t\t\t\t\t<p>Diese Seite nutzt zur \u00dcbertragungssicherheit, z.B. f\u00fcr Anfragen in Kontaktformularen, eine SSL-Verschl\u00fcsselung. Eine aktive SSL Verschl\u00fcsselung dient dazu, \u00dcbertragung von Daten, die Sie an uns \u00fcbermitteln, zu verschl\u00f9sseln.<\/p>\n\t\t\t\t\t\t\t\t<\/div>\n\t\t\t\t<\/div>\n\t\t\t\t<div class=\"elementor-element elementor-element-184500f elementor-widget elementor-widget-heading\" data-id=\"184500f\" data-element_type=\"widget\" data-e-type=\"widget\" data-widget_type=\"heading.default\">\n\t\t\t\t<div class=\"elementor-widget-container\">\n\t\t\t\t\t<h2 class=\"elementor-heading-title elementor-size-default\">Visitatori minorenni<\/h2>\t\t\t\t<\/div>\n\t\t\t\t<\/div>\n\t\t\t\t<div class=\"elementor-element elementor-element-176bb90 privacy_txt elementor-widget elementor-widget-text-editor\" data-id=\"176bb90\" data-element_type=\"widget\" data-e-type=\"widget\" data-widget_type=\"text-editor.default\">\n\t\t\t\t<div class=\"elementor-widget-container\">\n\t\t\t\t\t\t\t\t\t<p>Diese Webseite ist nicht f\u00fcr die Nutzung durch Minderj\u00e4hrige vorgesehen. Wir erheben und speichern somit keine Daten minderj\u00e4hriger Besucher (ausgenommen unwillk\u00fcrlich).<\/p>\n\t\t\t\t\t\t\t\t<\/div>\n\t\t\t\t<\/div>\n\t\t\t\t<div class=\"elementor-element elementor-element-4f05052 elementor-widget elementor-widget-heading\" data-id=\"4f05052\" data-element_type=\"widget\" data-e-type=\"widget\" data-widget_type=\"heading.default\">\n\t\t\t\t<div class=\"elementor-widget-container\">\n\t\t\t\t\t<h2 class=\"elementor-heading-title elementor-size-default\">Durata della conservazione dei dati <\/h2>\t\t\t\t<\/div>\n\t\t\t\t<\/div>\n\t\t\t\t<div class=\"elementor-element elementor-element-f8fbe96 privacy_txt elementor-widget elementor-widget-text-editor\" data-id=\"f8fbe96\" data-element_type=\"widget\" data-e-type=\"widget\" data-widget_type=\"text-editor.default\">\n\t\t\t\t<div class=\"elementor-widget-container\">\n\t\t\t\t\t\t\t\t\t<p>Ihre Daten werden nach den f\u00fcr uns geltenden gesetzlichen Aufbewahrungspflichten und rechtlichen Verpflichtungen aufbewahrt.<\/p>\n\t\t\t\t\t\t\t\t<\/div>\n\t\t\t\t<\/div>\n\t\t\t\t<div class=\"elementor-element elementor-element-c83ee97 elementor-widget elementor-widget-heading\" data-id=\"c83ee97\" data-element_type=\"widget\" data-e-type=\"widget\" data-widget_type=\"heading.default\">\n\t\t\t\t<div class=\"elementor-widget-container\">\n\t\t\t\t\t<h2 class=\"elementor-heading-title elementor-size-default\">Riferimenti ai diritti degli interessati<\/h2>\t\t\t\t<\/div>\n\t\t\t\t<\/div>\n\t\t\t\t<div class=\"elementor-element elementor-element-6369658 privacy_txt elementor-widget elementor-widget-text-editor\" data-id=\"6369658\" data-element_type=\"widget\" data-e-type=\"widget\" data-widget_type=\"text-editor.default\">\n\t\t\t\t<div class=\"elementor-widget-container\">\n\t\t\t\t\t\t\t\t\t<p>Die betroffene Person hat das Recht, vom Verantwortlichen eine Best\u00e4tigung dar\u00fcber zu verlangen, ob sie betreffende personenbezogene Daten verarbeitet werden; ist dies der Fall, so hat sie ein <b>Recht auf Auskunft<\/b> \u00fcber diese personenbezogenen Daten und auf die in <span style=\"text-decoration: underline;\">Art. 15 DSGVO<\/span> im einzelnen aufgef\u00fchrten Informationen.<\/p>\n<p>Die betroffene Person hat das Recht, vom Verantwortlichen unverz\u00fcglich die <b>Berichtigung<\/b> sie betreffender unrichtiger personenbezogener Daten sowie gegebenenfalls die <b>Vervollst\u00e4ndigung<\/b> unvollst\u00e4ndiger personenbezogener Daten zu verlangen (<span style=\"text-decoration: underline;\">Art. 16 DSGVO<\/span>).<\/p>\n<p>Die betroffene Person hat das Recht, vom Verantwortlichen zu verlangen, dass sie betreffende personenbezogene Daten unverz\u00fcglich gel\u00f6scht werden, sofern einer der in <span style=\"text-decoration: underline;\">Art. 17 DSGVO<\/span> beschriebenen Gr\u00fcnde zutrifft, zum Beispiel wenn die Verarbeitung der Daten f\u00fcr die Verfolgung der urspr\u00fcnglichen Zwecke nicht mehr ben\u00f6tigt werden (<b>Recht auf L\u00f6schung<\/b>).<\/p>\n<p>Die betroffene Person hat das Recht, vom Verantwortlichen die <b>Einschr\u00e4nkung der Verarbeitung<\/b> zu verlangen, wenn eine der in <span style=\"text-decoration: underline;\">Art. 18 DSGVO<\/span> aufgelisteten Voraussetzungen gegeben ist, zum Beispiel wenn die betroffene Person Widerspruch gegen die Verarbeitung eingelegt hat.<\/p>\n<p>Die betroffene Person hat das Recht, die sie betreffenden personenbezogenen Daten, die sie einem Verantwortlichen bereitgestellt hat, in einem strukturierten, g\u00e4ngigen und maschinenlesbaren Format zu erhalten, und sie hat das Recht, diese Daten einem anderen Verantwortlichen ohne Behinderung durch den Verantwortlichen, dem die personenbezogenen Daten bereitgestellt wurden, unter gewissen Umst\u00e4nden zu \u00fcbermitteln, zum Beispiel wenn die Verarbeitung auf einer Einwilligung beruht und die Verarbeitung mithilfe automatisierter Verfahren erfolgt (<b>Recht auf Daten\u00fcbertragbarkeit<\/b> <span style=\"text-decoration: underline;\">Art. 20 DSGVO<\/span>).<\/p>\n<p>Die betroffene Person hat das Recht, aus Gr\u00fcnden, die sich aus ihrer besonderen Situation ergeben, jederzeit gegen die Verarbeitung sie betreffender personenbezogener Daten <b>Widerspruch<\/b> einzulegen. Der Verantwortliche verarbeitet die personenbezogenen Daten dann nicht mehr, es sei denn, er kann zwingende schutzw\u00fcrdige Gr\u00fcnde f\u00fcr die Verarbeitung nachweisen, die die Interessen, Rechte und Freiheiten der betroffenen Person \u00fcberwiegen, oder die Verarbeitung dient der Geltendmachung, Aus\u00fcbung oder Verteidigung von Rechtsanspr\u00fcchen (<span style=\"text-decoration: underline;\">Art. 21 DSGVO<\/span>).<\/p>\n<p>Jede betroffene Person hat unbeschadet eines anderweitigen verwaltungsrechtlichen oder gerichtlichen Rechtsbehelfs das <b>Recht auf Beschwerde bei einer Aufsichtsbeh\u00f6rde<\/b>, insbesondere in dem Mitgliedstaat ihres gew\u00f6hnlichen Aufenthaltsorts, ihres Arbeitsplatzes oder des Orts des mutma\u00dflichen Versto\u00dfes, wenn die betroffene Person der Ansicht ist, dass die Verarbeitung der sie betreffenden personenbezogenen Daten gegen die DSGVO verst\u00f6\u00dft (<span style=\"text-decoration: underline;\">Art. 77 DSGVO<\/span>). In Italien ist die zust\u00e4ndige Aufsichtsbeh\u00f6rde: Garante per la protezione dei dati personali<\/p>\n<\/p>\n<p><span style=\"text-decoration: underline;\">Dieses Datenschutz-Informationsschreiben kann jederzeit aktualisiert werden.<\/span><\/p>\n\t\t\t\t\t\t\t\t<\/div>\n\t\t\t\t<\/div>\n\t\t\t\t\t<\/div>\n\t\t<\/div>\n\t\t\t\t\t<\/div>\n\t\t<\/section>\n\t\t\t\t<\/div>\n\t\t","protected":false},"excerpt":{"rendered":"<p>INFORMATIVA SUL TRATTAMENTO DEI DATI PERSONALI Informativa ai sensi degli artt. 12, 13 e 14 del Regolamento UE 679\/2016 Titolare del trattamento Bega Plast Srlvia Forch, 2339040 Varna BZAlto Adige | Italia+39 472 835699info@begaplast.it Dati di contatto del responsabile della protezione dei dati Bega Plast Srlvia Forch, 2339040 Varna BZAlto Adige | Italia+39 472 835699info@begaplast.it [&hellip;]<\/p>\n","protected":false},"author":1,"featured_media":0,"parent":0,"menu_order":0,"comment_status":"closed","ping_status":"closed","template":"elementor_header_footer","meta":{"footnotes":""},"class_list":["post-3287","page","type-page","status-publish","hentry"],"yoast_head":"<!-- This site is optimized with the Yoast SEO plugin v27.4 - https:\/\/yoast.com\/product\/yoast-seo-wordpress\/ -->\n<title>Privacy - Bega Plast<\/title>\n<meta name=\"robots\" content=\"index, follow, max-snippet:-1, max-image-preview:large, max-video-preview:-1\" \/>\n<link rel=\"canonical\" href=\"https:\/\/www.begaplast.it\/it\/privacy\/\" \/>\n<meta property=\"og:locale\" content=\"it_IT\" \/>\n<meta property=\"og:type\" content=\"article\" \/>\n<meta property=\"og:title\" content=\"Privacy - Bega Plast\" \/>\n<meta property=\"og:description\" content=\"INFORMATIVA SUL TRATTAMENTO DEI DATI PERSONALI Informativa ai sensi degli artt. 12, 13 e 14 del Regolamento UE 679\/2016 Titolare del trattamento Bega Plast Srlvia Forch, 2339040 Varna BZAlto Adige | Italia+39 472 835699info@begaplast.it Dati di contatto del responsabile della protezione dei dati Bega Plast Srlvia Forch, 2339040 Varna BZAlto Adige | Italia+39 472 835699info@begaplast.it [&hellip;]\" \/>\n<meta property=\"og:url\" content=\"https:\/\/www.begaplast.it\/it\/privacy\/\" \/>\n<meta property=\"og:site_name\" content=\"Bega Plast\" \/>\n<meta property=\"article:publisher\" content=\"https:\/\/www.facebook.com\/begaplast.gmbh\" \/>\n<meta property=\"article:modified_time\" content=\"2023-08-08T08:43:11+00:00\" \/>\n<meta name=\"twitter:card\" content=\"summary_large_image\" \/>\n<meta name=\"twitter:label1\" content=\"Tempo di lettura stimato\" \/>\n\t<meta name=\"twitter:data1\" content=\"6 minuti\" \/>\n<script type=\"application\/ld+json\" class=\"yoast-schema-graph\">{\"@context\":\"https:\\\/\\\/schema.org\",\"@graph\":[{\"@type\":\"WebPage\",\"@id\":\"https:\\\/\\\/www.begaplast.it\\\/it\\\/privacy\\\/\",\"url\":\"https:\\\/\\\/www.begaplast.it\\\/it\\\/privacy\\\/\",\"name\":\"Privacy - Bega Plast\",\"isPartOf\":{\"@id\":\"https:\\\/\\\/www.begaplast.it\\\/it\\\/#website\"},\"datePublished\":\"2023-04-19T14:42:30+00:00\",\"dateModified\":\"2023-08-08T08:43:11+00:00\",\"breadcrumb\":{\"@id\":\"https:\\\/\\\/www.begaplast.it\\\/it\\\/privacy\\\/#breadcrumb\"},\"inLanguage\":\"it-IT\",\"potentialAction\":[{\"@type\":\"ReadAction\",\"target\":[\"https:\\\/\\\/www.begaplast.it\\\/it\\\/privacy\\\/\"]}]},{\"@type\":\"BreadcrumbList\",\"@id\":\"https:\\\/\\\/www.begaplast.it\\\/it\\\/privacy\\\/#breadcrumb\",\"itemListElement\":[{\"@type\":\"ListItem\",\"position\":1,\"name\":\"Startseite\",\"item\":\"https:\\\/\\\/www.begaplast.it\\\/it\\\/\"},{\"@type\":\"ListItem\",\"position\":2,\"name\":\"Privacy\"}]},{\"@type\":\"WebSite\",\"@id\":\"https:\\\/\\\/www.begaplast.it\\\/it\\\/#website\",\"url\":\"https:\\\/\\\/www.begaplast.it\\\/it\\\/\",\"name\":\"Bega Plast\",\"description\":\"Just another WordPress site\",\"publisher\":{\"@id\":\"https:\\\/\\\/www.begaplast.it\\\/it\\\/#organization\"},\"potentialAction\":[{\"@type\":\"SearchAction\",\"target\":{\"@type\":\"EntryPoint\",\"urlTemplate\":\"https:\\\/\\\/www.begaplast.it\\\/it\\\/?s={search_term_string}\"},\"query-input\":{\"@type\":\"PropertyValueSpecification\",\"valueRequired\":true,\"valueName\":\"search_term_string\"}}],\"inLanguage\":\"it-IT\"},{\"@type\":\"Organization\",\"@id\":\"https:\\\/\\\/www.begaplast.it\\\/it\\\/#organization\",\"name\":\"Bega Plast\",\"url\":\"https:\\\/\\\/www.begaplast.it\\\/it\\\/\",\"logo\":{\"@type\":\"ImageObject\",\"inLanguage\":\"it-IT\",\"@id\":\"https:\\\/\\\/www.begaplast.it\\\/it\\\/#\\\/schema\\\/logo\\\/image\\\/\",\"url\":\"https:\\\/\\\/www.begaplast.it\\\/wp-content\\\/uploads\\\/2022\\\/11\\\/Bega-Plasst-Logo.svg\",\"contentUrl\":\"https:\\\/\\\/www.begaplast.it\\\/wp-content\\\/uploads\\\/2022\\\/11\\\/Bega-Plasst-Logo.svg\",\"caption\":\"Bega Plast\"},\"image\":{\"@id\":\"https:\\\/\\\/www.begaplast.it\\\/it\\\/#\\\/schema\\\/logo\\\/image\\\/\"},\"sameAs\":[\"https:\\\/\\\/www.facebook.com\\\/begaplast.gmbh\",\"https:\\\/\\\/www.instagram.com\\\/begaplastgmbh\\\/\"]}]}<\/script>\n<!-- \/ Yoast SEO plugin. -->","yoast_head_json":{"title":"Privacy - Bega Plast","robots":{"index":"index","follow":"follow","max-snippet":"max-snippet:-1","max-image-preview":"max-image-preview:large","max-video-preview":"max-video-preview:-1"},"canonical":"https:\/\/www.begaplast.it\/it\/privacy\/","og_locale":"it_IT","og_type":"article","og_title":"Privacy - Bega Plast","og_description":"INFORMATIVA SUL TRATTAMENTO DEI DATI PERSONALI Informativa ai sensi degli artt. 12, 13 e 14 del Regolamento UE 679\/2016 Titolare del trattamento Bega Plast Srlvia Forch, 2339040 Varna BZAlto Adige | Italia+39 472 835699info@begaplast.it Dati di contatto del responsabile della protezione dei dati Bega Plast Srlvia Forch, 2339040 Varna BZAlto Adige | Italia+39 472 835699info@begaplast.it [&hellip;]","og_url":"https:\/\/www.begaplast.it\/it\/privacy\/","og_site_name":"Bega Plast","article_publisher":"https:\/\/www.facebook.com\/begaplast.gmbh","article_modified_time":"2023-08-08T08:43:11+00:00","twitter_card":"summary_large_image","twitter_misc":{"Tempo di lettura stimato":"6 minuti"},"schema":{"@context":"https:\/\/schema.org","@graph":[{"@type":"WebPage","@id":"https:\/\/www.begaplast.it\/it\/privacy\/","url":"https:\/\/www.begaplast.it\/it\/privacy\/","name":"Privacy - Bega Plast","isPartOf":{"@id":"https:\/\/www.begaplast.it\/it\/#website"},"datePublished":"2023-04-19T14:42:30+00:00","dateModified":"2023-08-08T08:43:11+00:00","breadcrumb":{"@id":"https:\/\/www.begaplast.it\/it\/privacy\/#breadcrumb"},"inLanguage":"it-IT","potentialAction":[{"@type":"ReadAction","target":["https:\/\/www.begaplast.it\/it\/privacy\/"]}]},{"@type":"BreadcrumbList","@id":"https:\/\/www.begaplast.it\/it\/privacy\/#breadcrumb","itemListElement":[{"@type":"ListItem","position":1,"name":"Startseite","item":"https:\/\/www.begaplast.it\/it\/"},{"@type":"ListItem","position":2,"name":"Privacy"}]},{"@type":"WebSite","@id":"https:\/\/www.begaplast.it\/it\/#website","url":"https:\/\/www.begaplast.it\/it\/","name":"Bega Plast","description":"Just another WordPress site","publisher":{"@id":"https:\/\/www.begaplast.it\/it\/#organization"},"potentialAction":[{"@type":"SearchAction","target":{"@type":"EntryPoint","urlTemplate":"https:\/\/www.begaplast.it\/it\/?s={search_term_string}"},"query-input":{"@type":"PropertyValueSpecification","valueRequired":true,"valueName":"search_term_string"}}],"inLanguage":"it-IT"},{"@type":"Organization","@id":"https:\/\/www.begaplast.it\/it\/#organization","name":"Bega Plast","url":"https:\/\/www.begaplast.it\/it\/","logo":{"@type":"ImageObject","inLanguage":"it-IT","@id":"https:\/\/www.begaplast.it\/it\/#\/schema\/logo\/image\/","url":"https:\/\/www.begaplast.it\/wp-content\/uploads\/2022\/11\/Bega-Plasst-Logo.svg","contentUrl":"https:\/\/www.begaplast.it\/wp-content\/uploads\/2022\/11\/Bega-Plasst-Logo.svg","caption":"Bega Plast"},"image":{"@id":"https:\/\/www.begaplast.it\/it\/#\/schema\/logo\/image\/"},"sameAs":["https:\/\/www.facebook.com\/begaplast.gmbh","https:\/\/www.instagram.com\/begaplastgmbh\/"]}]}},"_links":{"self":[{"href":"https:\/\/www.begaplast.it\/it\/wp-json\/wp\/v2\/pages\/3287","targetHints":{"allow":["GET"]}}],"collection":[{"href":"https:\/\/www.begaplast.it\/it\/wp-json\/wp\/v2\/pages"}],"about":[{"href":"https:\/\/www.begaplast.it\/it\/wp-json\/wp\/v2\/types\/page"}],"author":[{"embeddable":true,"href":"https:\/\/www.begaplast.it\/it\/wp-json\/wp\/v2\/users\/1"}],"replies":[{"embeddable":true,"href":"https:\/\/www.begaplast.it\/it\/wp-json\/wp\/v2\/comments?post=3287"}],"version-history":[{"count":5,"href":"https:\/\/www.begaplast.it\/it\/wp-json\/wp\/v2\/pages\/3287\/revisions"}],"predecessor-version":[{"id":3888,"href":"https:\/\/www.begaplast.it\/it\/wp-json\/wp\/v2\/pages\/3287\/revisions\/3888"}],"wp:attachment":[{"href":"https:\/\/www.begaplast.it\/it\/wp-json\/wp\/v2\/media?parent=3287"}],"curies":[{"name":"wp","href":"https:\/\/api.w.org\/{rel}","templated":true}]}}